{"id":1022,"date":"2021-02-21T16:18:54","date_gmt":"2021-02-21T16:18:54","guid":{"rendered":"https:\/\/duoh.shop\/fitnessworld\/?page_id=1022"},"modified":"2021-02-26T09:40:11","modified_gmt":"2021-02-26T09:40:11","slug":"datenschutz","status":"publish","type":"page","link":"https:\/\/fitness-world.info\/?page_id=1022","title":{"rendered":"Datenschutz"},"content":{"rendered":"\t\t<div data-elementor-type=\"wp-page\" data-elementor-id=\"1022\" class=\"elementor elementor-1022\">\n\t\t\t\t\t\t\t\t\t<section class=\"elementor-section elementor-top-section elementor-element elementor-element-52d27e02 elementor-section-boxed elementor-section-height-default elementor-section-height-default\" data-id=\"52d27e02\" data-element_type=\"section\" data-settings=\"{&quot;background_background&quot;:&quot;classic&quot;}\">\n\t\t\t\t\t\t<div class=\"elementor-container elementor-column-gap-default\">\n\t\t\t\t\t<div class=\"elementor-column elementor-col-66 elementor-top-column elementor-element elementor-element-15907a83\" data-id=\"15907a83\" data-element_type=\"column\">\n\t\t\t<div class=\"elementor-widget-wrap elementor-element-populated\">\n\t\t\t\t\t\t\t\t<div class=\"elementor-element elementor-element-1383a4e2 elementor-widget elementor-widget-heading\" data-id=\"1383a4e2\" data-element_type=\"widget\" data-widget_type=\"heading.default\">\n\t\t\t\t<div class=\"elementor-widget-container\">\n\t\t\t<h3 class=\"elementor-heading-title elementor-size-default\">Datenschutz<\/h3>\t\t<\/div>\n\t\t\t\t<\/div>\n\t\t\t\t<div class=\"elementor-element elementor-element-3470d26b elementor-widget-divider--view-line elementor-widget elementor-widget-divider\" data-id=\"3470d26b\" data-element_type=\"widget\" data-widget_type=\"divider.default\">\n\t\t\t\t<div class=\"elementor-widget-container\">\n\t\t\t\t\t<div class=\"elementor-divider\">\n\t\t\t<span class=\"elementor-divider-separator\">\n\t\t\t\t\t\t<\/span>\n\t\t<\/div>\n\t\t\t\t<\/div>\n\t\t\t\t<\/div>\n\t\t\t\t<div class=\"elementor-element elementor-element-22b024eb elementor-widget elementor-widget-text-editor\" data-id=\"22b024eb\" data-element_type=\"widget\" data-widget_type=\"text-editor.default\">\n\t\t\t\t<div class=\"elementor-widget-container\">\n\t\t\t\t\t\t\t<p><strong>Datenschutzerkl\u00e4rung<\/strong><\/p><p>Vielen Dank f\u00fcr Ihr Interesse an unserer Webseite. Der Schutz Ihrer Privatsph\u00e4re ist f\u00fcr uns sehr wichtig. Wir behandeln Ihre personenbezogenen Daten vertraulich und entsprechend der\u00a0 gesetzlichen Datenschutzerkl\u00e4rung.<br \/>Datenschutz hat einen besonderen hohen Stellenwert f\u00fcr die Gesch\u00e4ftsleitung der Fitness-World GmbH. Eine Nutzung unserer Internetseiten ist grunds\u00e4tzlichen ohne jede Angabe personenbezogener Daten m\u00f6glich. Sofern eine betroffene Person besondere Services unseres Unternehmens \u00fcber unsere Internetseite in Anspruch nehmen m\u00f6chte, k\u00f6nnte jedoch eine Verarbeitung personenbezogener Daten erforderlich werden. Ist die Verarbeitung personenbezogener Daten erforderlich und besteht f\u00fcr eine solche Verarbeitung keine gesetzliche Grundlage, holen wir generell eine Einwilligung der betroffenen Person ein.<\/p><p>Die Verarbeitung personenbezogener Daten, beispielweise des Namens, der Anschrift E-Mail-Adresse oder Telefonnummer einer betroffenen Person, erfolgt stets im Einklang mit der Datenschutz-Grundverordnung und in \u00dcbereinstimmung mit der hierf\u00fcr geltenden landesspezifischen Datenschutzerkl\u00e4rung. Mittels dieser Datenschutzerkl\u00e4rung m\u00f6chte unser Unternehmen die \u00d6ffentlichkeit \u00fcber Art, Umfang und Zweck der von uns erhobenen, genutzten und erarbeiteten personenbezogener Daten informieren. Ferner werden betroffene Personen mittels dieser Datenschutzerkl\u00e4rung \u00fcber die ihnen zustehende Rechte aufgekl\u00e4rt.<\/p><p>Der Fitness-World GmbH hat alle f\u00fcr die Verarbeitung zahlreichen technischen und organisatorischen Ma\u00dfnahmen umgesetzt, um einen m\u00f6glichst l\u00fcckenlosen Schutz der \u00fcber diese Internetseite verarbeiteten personenbezogenen Daten sicherzustellen. Dennoch k\u00f6nnen internetbasierte Daten\u00fcbertragungen grunds\u00e4tzlich Sicherheitsl\u00fccken aufweisen, sodass ein absoluter Schutz nicht gew\u00e4hrleistet werden kann. Aus diesem Grund steht es jeder betroffenen Person frei, personenbezogene Daten auch auf alternativen Wegen, beispielweise telefonisch, an uns zu \u00fcbermitteln.<\/p><p>Sie haben jederzeit die\u00a0 M\u00f6glichkeit bei uns unentgeltlich und formlos Auskunft \u00fcber ihre gespeicherten personenbezogenen Daten, derer Herkunft und Empf\u00e4nger und den Zweck der Datenverarbeitung zu erhalten. Zudem k\u00f6nnen Sie diese Daten jederzeit bei uns berichtigen, sperren und l\u00f6schen lassen, soweit die Daten keiner gesetzlichen Aufbewahrungspflicht unterliegen.<\/p><p>Bei Fragen zum Datenschutz k\u00f6nnen Sie sich an unseren Datenschutzbeauftragten oder an einen Mitarbeiter des f\u00fcr die Verarbeitung Verantwortlichen wenden.<\/p><p><strong>1.Begriffsbestimmungen<\/strong><\/p><p>Die Datenschutzerkl\u00e4rung der Fitness-World GmbH beruht auf den Begrifflichkeiten, die durch den Europ\u00e4ischen Richtlinien- und Verordnungsgeber bei Erlass der Datenschutz-Grundverordnung<\/p><p>(DS-GVO) verwendet wurden. Unsere Datenschutzerkl\u00e4rung soll, sowohl f\u00fcr die \u00d6ffentlichkeit\u00a0 als auch f\u00fcr unsere Kunden und Gesch\u00e4ftspartner, einfach lesbar und verst\u00e4ndlich sein.<\/p><p><strong>Verwendete Begriffe f\u00fcr die Datenschutzerkl\u00e4rung.<\/strong><\/p><p><strong>1.1. personenbezogene Daten<\/strong><\/p><p>Personenbezogene Daten sind alle Informationen, die sich auf eine identifizierte oder identifizierbare nat\u00fcrliche Person (im Folgenden \u201ebetroffenen Person\u201c) beziehen. Als identifizierbar wird eine nat\u00fcrliche Person angesehen, die direkt oder indirekt insbesondere mittels Zuordnung zu einer Kennung wie einem Namen, zu einer Kennnummer, zu Standortdaten, zu einer Online-Kennung oder zu einem oder mehrere besonderen Merkmale, die Ausdruck der physischen,psysiologischen,genetischen,psychischen,wirtschaftlichen,kulturellen oder sozialen Identit\u00e4t dieser nat\u00fcrlichen Person sind, identifiziert werden kann.<\/p><p><strong>1.2. betroffene Person<\/strong><\/p><p>Betroffene Person ist jede identifizierte oder identifizierbare nat\u00fcrliche Person, deren personenbezogene Daten von dem f\u00fcr die Verarbeitung Verantwortlichen verarbeitet werden.<\/p><p><strong>1.3. Datenverarbeitung<\/strong><\/p><p>Als Datenverarbeitung ist jeder mit oder ohne Hilfe automatisierter Verfahren ausgef\u00fchrte Vorgang oder jede solche Vorgangsreihe im Zusammenhang mit personenbezogener Daten wie das Erheben, das Erfassen, die Organisation, das Ordnen, die Speicherung, die Anpassung oder Ver\u00e4nderung, das Auslesen, das Abfragen,\u00a0 die Verwendung , die Offenlegung durch \u00dcbermittlung, Verbreitung oder eine andere Form der Bereitstellung, den Abgleich oder die Verkn\u00fcpfung, die Einschr\u00e4nkung, das L\u00f6schen oder die Vernichtung der Daten.<\/p><p><strong>1.4. Einschr\u00e4nkung der Verarbeitung<\/strong><\/p><p>Einschr\u00e4nkung der Verarbeitung ist die Markierung gespeicherten personenbezogener Daten mit dem Ziel, ihre k\u00fcnftige Verarbeitung einzuschr\u00e4nken z.B. Zugriffschutz bei noch bestehender Aufbewahrungspflicht.<\/p><p><strong>1.5. Pseudonymisierung<\/strong><\/p><p>Pseudonymisierung ist die Verarbeitung personenbezogener Daten, so dass die personenbezogenen Daten ohne Hilfe weiterer Informationen nicht mehr einem Betroffenen zugeordnet werden k\u00f6nnen.Diese zus\u00e4tzlichen Informationen m\u00fcssen sicher und getrennt aufbewahrt werden, damit die personenbezogenen Daten nicht dem Betroffenen zugeordnet werden k\u00f6nnen.<\/p><p><strong>1.6. Verantwortlicher<\/strong><\/p><p>Verantwortlicher oder f\u00fcr die Verarbeitung Verantwortlicher ist das Unternehmen oder die Person, Beh\u00f6rde, Einrichtung oder andere Stelle, die allein oder gemeinsam mit anderen \u00fcber die Verarbeitung der personenbezogenen Daten entscheiden.<\/p><p><strong>1.7.\u00a0 Auftragsverarbeiter<\/strong><\/p><p>Auftragsverarbeiter ist eine nat\u00fcrliche oder juristische Person, Beh\u00f6rde, Einrichtung oder andere Stelle, die personenbezogene Daten im Auftrag des Verantwortlichen verarbeitet.<\/p><p><strong>1.8.\u00a0 Empf\u00e4nger\u00a0\u00a0\u00a0\u00a0\u00a0\u00a0\u00a0\u00a0\u00a0\u00a0\u00a0\u00a0\u00a0\u00a0\u00a0\u00a0 <\/strong><\/p><p>Empf\u00e4nger ist eine nat\u00fcrliche oder juristische Person, Beh\u00f6rde, Einrichtung oder andere Stelle, der personenbezogene Daten offengelegt werden, unabh\u00e4ngig davon, ob es sich bei ihr um einen Dritten handelt oder nicht. Beh\u00f6rden, die im Rahmen eines bestimmten Untersuchungsauftrags nach dem\u00a0 Unionsrecht oder dem Recht der Mitgliedsstaaten m\u00f6glicherweise personenbezogene Daten erhalten, gelten nicht als Empf\u00e4nger.<\/p><p><strong>1.9. Dritter\u00a0 <\/strong><\/p><p>Dritter ist\u00a0 eine nat\u00fcrliche oder juristische Person, Beh\u00f6rde, Einrichtung oder andere Stelle au\u00dfer der betroffene Person, dem Verantwortlichen, den Auftragsverarbeiter und den Personen, die unter der unmittelbaren Verantwortung des Verantwortlichen oder des Auftragsverarbeiters befugt sind, die personenbezogenen Daten zu verarbeiten.<\/p><p><strong>1.10.\u00a0 Einwilligung<\/strong><\/p><p>Einwilligung ist jede von der betroffenen Person freiwillig f\u00fcr bestimmten Fall in informierter Weise und unmissverst\u00e4ndlich abgegebene Willensbekundung in Form einer Erkl\u00e4rung oder einer sonstigen eindeutigen best\u00e4tigenden Handlung, mit der die betroffene Person zu verstehen gibt., dass sie mit der Verarbeitung der sie betreffenden personenbezogenen Daten einverstanden ist.<\/p><p><strong>2. Name und Anschrift des f\u00fcr die Verarbeitung Verantwortlichen<\/strong><\/p><p>Verantwortlicher im Sinne der Datenschutz-Grundverordnung, sonstiger in den Mitgliedstaaten der Europ\u00e4ischen Union geltenden Datenschutzgesetze und anderer Bestimmungen mit datenschutzrechtlichen Charakter ist die<\/p><p>Fitness World GmbH<br \/>Michaela Faller<br \/>Raiffeisenstr. 4<br \/>86720 N\u00f6rdlingen<br \/>Deutschland<br \/>Tel.:\u00a0 09081\/88915<br \/>E.-Mail: <span style=\"color: #abc502;\"><a style=\"color: #abc502;\" href=\"mailto:fitness-world-noe@freenet.de\">fitness-world-noe@freenet.de<\/a><\/span><\/p><p>Website:<span style=\"color: #abc502;\"> <a style=\"color: #abc502;\" href=\"https:\/\/fitness-world.info\/\">www.fitness-world.info<\/a><\/span><\/p><p><strong>3. Datenschutzbeauftragter <\/strong><\/p><p>Datenschutzbeauftragter der Fitness World GmbH\u00a0ist hier erreichbar:<\/p><p>Tel.:0160\/96939160<br \/>E.- Mail\u00a0<span style=\"color: #abc502;\"> <a style=\"color: #abc502;\" href=\"mailto:Datenschutz-fitness-world-noe@freenet.de\">Datenschutz-fitness-world-noe@freenet.de<\/a><\/span><\/p><p>Bei Fragen und Anregungen zum Datenschutz kann sich jeder Betroffene jederzeit an unseren Datenschutzbeauftragten wenden.<\/p><p><strong>4. Routinem\u00e4\u00dfige L\u00f6schung und Sperrung von personenbezogenen Daten<\/strong><\/p><p>Der Verantwortliche verarbeitet und speichert personenbezogene Daten der nur f\u00fcr den Zeitraum, der zur Erreichung des Speicherungszwecks erforderlich ist oder solange wie dies in Gesetzen oder Vorschriften, welchen der Verantwortliche unterliegt, vorgesehen wurde.<\/p><p>Entf\u00e4llt der Speicherungszweck oder l\u00e4uft die vom zust\u00e4ndigen Gesetzgeber vorgeschriebene Speicherfrist ab, werden die personenbezogenen Daten routinem\u00e4\u00dfig und entsprechend den gesetzlichen Vorschriften gesperrt und gel\u00f6scht.<\/p><p><strong>5. Rechte der betroffenen Person <\/strong><\/p><p><strong>5.1. Recht auf Information und Best\u00e4tigung<\/strong><\/p><p>Jede betroffene Person hat das vom Europ\u00e4ischen Richtlinien- und Verordnungsgeber einger\u00e4umte Recht, von dem f\u00fcr die Verarbeitung Verantwortlichen eine Best\u00e4tigung dar\u00fcber zu verlangen, ob sie betreffende personenbezogene Daten verarbeitet werden. M\u00f6chte eine betroffene Person dieses Best\u00e4tigungsrecht in Anspruch nehmen, kann sie sich hierzu jederzeit an einen Mitarbeiter des f\u00fcr die Verarbeitung Verantwortlichen wenden.<\/p><p><strong>5.2.<\/strong>\u00a0 <strong>Recht auf Auskunft und Einsicht<\/strong><\/p><p>Jede von der Verarbeitung personenbezogener Daten betroffene Person hat das vom Europ\u00e4ischen Richtlinien- und Verordnungsgeber gew\u00e4hrte Recht, jederzeit von dem f\u00fcr die Verarbeitung Verantwortlichen unentgeltliche Auskunft \u00fcber die zu seiner Person gespeicherten personenbezogenen Daten und eine Kopie dieser Auskunft zu erhalten. Ferner hat der Europ\u00e4ische Richtlinien- und Verordnungsgeber der betroffenen Person Auskunft \u00fcber folgende Informationen zugestanden:<\/p><ul><li>Die Verarbeitungszwecke<\/li><li>Die Kategorien personenbezogener Daten, die verarbeitet werden<\/li><li>Die Empf\u00e4nger oder Kategorien von Empf\u00e4ngern, gegen\u00fcber denen die personenbezogenen Daten offengelegt worden sind oder noch offengelegt werden, insbesondere bei Empf\u00e4ngern in Drittl\u00e4ndern oder bei internationalen Organisationen<\/li><li>Falls m\u00f6glich die geplante Dauer, f\u00fcr die die personenbezogenen Daten gespeichert werden, oder, falls dies nicht m\u00f6glich ist, die Kriterien f\u00fcr die Festlegung dieser Dauer<\/li><li>Das Bestehen eines Rechts auf Berichtigung oder L\u00f6schung der sie betreffenden personenbezogenen Daten oder auf Einschr\u00e4nkung der Verarbeitung durch den Verantwortlichen oder eines Widerspruchsrechts gegen diese Verarbeitung<\/li><li>Das Bestehen eines Beschwerderechts bei einer Aufsichtsbeh\u00f6rde<\/li><li>Wenn die personenbezogenen Daten nicht bei der betroffenen Person erhoben werden: Alle verf\u00fcgbaren Informationen \u00fcber die Herkunft der Daten<\/li><li>Das Bestehen einer automatisierten Entscheidungsfindung einschlie\u00dflich Profiling gem\u00e4\u00df Art. 22 Abs.1 und 4 DS-GVO und \u2013 zumindest in diesen F\u00e4llen \u2013 aussagekr\u00e4ftige Informationen \u00fcber die involvierte Logik sowie die Tragweite und die angestrebten Auswirkungen einer derartigen Verarbeitung f\u00fcr die betroffene Person<\/li><li>Der betroffenen Person steht ein Auskunftsrecht dar\u00fcber zu, ob personenbezogene Daten an ein Drittland oder an eine internationale Organisation \u00fcbermittelt wurden. Sofern dies der Fall ist, so steht der betroffenen Person im \u00dcbrigen das Recht zu, Auskunft \u00fcber die geeigneten Garantien im Zusammenhang mit der \u00dcbermittlung zu erhalten.<\/li><\/ul><p>M\u00f6chte eine betroffene Person dieses Auskunftsrecht in Anspruch nehmen, kann sie sich hierzu jederzeit an einen Mitarbeiter des f\u00fcr die Verarbeitung Verantwortlichen wenden.<\/p><p><strong>5.3.\u00a0 Recht auf Berichtigung der Daten\u00a0\u00a0\u00a0\u00a0\u00a0\u00a0 <\/strong><\/p><p>Jede von der Verarbeitung personenbezogener Daten betroffene Person hat das vom Europ\u00e4ischen Richtlinien- und Verordnungsgeber gew\u00e4hrte Recht, die unverz\u00fcgliche Berichtigung sie betreffender unrichtiger personenbezogener Daten zu verlangen. Ferner steht der betroffenen Person das Recht zu, unter Ber\u00fccksichtigung der Zwecke der Verarbeitung, die Vervollst\u00e4ndigung unvollst\u00e4ndiger personenbezogener Daten \u2013 auch mittels einer erg\u00e4nzenden Erkl\u00e4rung \u2013 zu verlangen.<\/p><p>M\u00f6chte eine betroffene Person dieses Berichtigungsrecht in Anspruch nehmen, kann sie sich hierzu an einen Mitarbeiter des f\u00fcr die Verarbeitung Verantwortlichen wenden.<\/p><p><strong>5.4.\u00a0 Recht auf L\u00f6schung (Recht auf Vergessen werden)<\/strong><\/p><p>Jede von der Verarbeitung personenbezogener Daten betroffene Person hat das vom Europ\u00e4ischen Richtlinien- und Verordnungsgeber gew\u00e4hrte Recht, von dem Verantwortlichen zu verlangen, dass die sie betreffenden\u00a0 Daten unverz\u00fcglich gel\u00f6scht werden, sofern einer der folgenden Gr\u00fcnde zutrifft und soweit die Verarbeitung nicht erforderlich ist und keine gesetzliche Aufbewahrungspflicht mehr besteht.<\/p><p>Die personenbezogenen Daten wurden f\u00fcr solche Zwecke erhoben oder auf sonstige Weise verarbeitet, f\u00fcr welche sie nicht mehr notwendig sind.<\/p><p>Die betroffene Person widerruft ihre Einwilligung, auf die sich die Verarbeitung gem\u00e4\u00df Art.6 Abs.1 Buchstabe a DSGVO oder Art. 9 Abs. 2 Buchstabe a DSGVO st\u00fctzte, und es fehlt an einer anderweitigen Rechtsgrundlage f\u00fcr die Verarbeitung.<\/p><p>Die betroffene Person legt gem\u00e4\u00df Art.21 Abs. 1 DSGVO Widerspruch gegen die Verarbeitung ein, und es liegen keinen vorrangigen berechtigten Gr\u00fcnde f\u00fcr die Verarbeitung vor oder die betroffene Person legt gem\u00e4\u00df Art. 21 Abs. 2 DSGVO Widerspruch gegen die Verarbeitung ein.<\/p><p>Die personenbezogenen Daten wurden unrechtm\u00e4\u00dfig verarbeitet.<\/p><p>Die L\u00f6schung der personenbezogenen Daten ist zur Erf\u00fcllung einer rechtlichen Verpflichtung nach dem Unionsrecht oder dem Recht der Mitgliedsstaaten erforderlich, dem der Verantwortliche unterliegt.<\/p><p>Die personenbezogenen Daten wurden in Bezug auf angebotene Dienste der Informationsgesellschaft gem\u00e4\u00df Art. 8 Abs.1 DSGVO erhoben.<\/p><p>Sofern einer der oben genannten Gr\u00fcnde zutrifft und ein Betroffener die L\u00f6schung von personenbezogener Daten, die bei der Fitness World GmbH gespeichert sind, veranlassen m\u00f6chte, kann dieser sich hierzu an unseren Datenschutzbeauftragten der Fitness World GmbH oder einen anderen Mitarbeiter des Verantwortlichen wenden. Der Datenschutzbeauftragte der Fitness World GmbH oder ein anderer Mitarbeiter wird veranlassen, dass dem L\u00f6schverlangen unverz\u00fcglich nachgekommen wird.<\/p><p>Wurden die personenbezogenen Daten von der Fitness World GmbH \u00f6ffentlich gemacht und ist unser Unternehmen als Verantwortlicher gem\u00e4\u00df Art. 17 Abs. 1 DSGVO zur L\u00f6schung der personenbezogenen Daten verpflichtet und deren Implementierungskosten angemessene Ma\u00dfnahmen, auch technischer Art, um andere f\u00fcr die Datenverarbeitung Verantwortliche, welche die ver\u00f6ffentlichten personenbezogenen Daten verarbeitet, dar\u00fcber in Kenntnis zu setzen, dass die betroffene Person von diesen anderen f\u00fcr die Datenverarbeitung Verantwortlichen die L\u00f6schung s\u00e4mtlicher Links zu diesen personenbezogenen Daten oder von Kopien oder Replikationen dieser personenbezogenen Daten verlangt hat, soweit die Verarbeitung nicht erforderlich ist. Der Datenschutzbeauftragte der Fitness World GmbH oder ein anderer Mitarbeiter wird im Einzelfall das Notwendige veranlassen.<\/p><p><strong>5.5. Recht auf Einschr\u00e4nkung der Verarbeitungszwecke<\/strong><\/p><p>Jede von der Verarbeitung personenbezogener Daten betroffene Person hat das vom Europ\u00e4ischen Richtlinien- und Verordnungsgeber gew\u00e4hrte Recht, von dem Verantwortlichen die Einschr\u00e4nkung der Verarbeitung zu verlangen, wenn eine der folgenden Voraussetzungen gegeben ist:<\/p><ul><li>Die Richtigkeit der personenbezogenen Daten wird von der betroffenen Person bestritten, und zwar f\u00fcr eine Dauer, die es dem Verantwortlichen erm\u00f6glicht, die Richtigkeit der personenbezogenen Daten zu \u00fcberpr\u00fcfen.<\/li><li>personenbezogenen Daten ab und verlangt stattdessen die Einschr\u00e4nkung der Nutzung der personenbezogenen Daten.<\/li><li>Der Verantwortliche ben\u00f6tigt die personenbezogenen Daten f\u00fcr die Zwecke der Verarbeitung nicht l\u00e4nger, die betroffene Person ben\u00f6tigt sie jedoch zur Geltendmachung. Aus\u00fcbung oder Verteidigung von Rechtsanspr\u00fcchen.<\/li><li>Die betroffene Person hat Widerspruch gegen die Verarbeitung gem. Art. 21 Abs. 1 DS-GVO eingelegt und es steht noch nicht fest, ob die berechtigten Gr\u00fcnde des Verantwortlichen gegen\u00fcber denen der betroffenen Person \u00fcberwiegen.<\/li><\/ul><p>Sofern eine der oben genannten Voraussetzungen gegeben ist und eine betroffen Person die Einschr\u00e4nkung von personenbezogenen Daten, die bei der Fitness World GmbH gespeichert sind, verlangen m\u00f6chte, kann sie sich hierzu jederzeit an unseren Datenschutzbeauftragten oder an\u00a0 einen anderen Mitarbeiter des f\u00fcr die Verarbeitung Verantwortlichen wenden.<\/p><p>Der Datenschutzbeauftragte der Fitness World GmbH oder ein anderer Mitarbeiter wird die\u00a0\u00a0\u00a0\u00a0\u00a0 Einschr\u00e4nkung der Verarbeitung veranlassen.<\/p><p><strong>5.6. Recht auf Daten\u00fcbertragbarkeit<\/strong><\/p><p>Jede von der Verarbeitung personenbezogener Daten betroffene Person hat das vom Europ\u00e4ischen Richtlinien- und Verordnungsgeber gew\u00e4hrte Recht, die sie betreffenden personenbezogenen Daten, welche durch die betroffene Person einem Verantwortlichen bereitgestellt wurden, in einem strukturierten, g\u00e4ngigen und maschinenlesbaren Format zu erhalten.<\/p><p>Sie hat au\u00dferdem das Recht, diese Daten einem anderen Verantwortlichen ohne Behinderung durch den Verantwortlichen, dem die personenbezogenen Daten bereitgestellt wurden, zu \u00fcbermitteln, sofern die Verarbeitung auf der Einwilligung gem\u00e4\u00df Art. 6 Abs. 1 Buchstabe a DS-GVO oder Art. 9 Abs. 2 Buchstabe a DS-GVO oder auf einem Vertrag gem\u00e4\u00df Art. 6 Abs. 1 Buchstabe b DS-GVO beruht und die Verarbeitung mithilfe automatisierter Verfahren erfolgt, sofern die Verarbeitung nicht f\u00fcr die Wahrnehmung einer Aufgabe erforderlich ist, die im \u00f6ffentlichen Interesse liegt oder in Aus\u00fcbung \u00f6ffentlicher Gewalt erfolgt, welche dem Verantwortlichen \u00fcbertragen wurde.<\/p><p>Ferner hat die betroffene Person bei der Aus\u00fcbung ihres Rechts auf Daten\u00fcbertragbarkeit gem\u00e4\u00df Art. 20 Abs. 1 DS-GVO das Recht, zu erwirken, dass die personenbezogenen Daten direkt von einem Verantwortlichen an einen anderen Verantwortlichen \u00fcbermittelt werden, soweit dies technisch machbar ist und sofern hiervon nicht die Rede von Freiheiten anderer Personen beeintr\u00e4chtigt werden.<\/p><p>Zur Geltendmachung des Rechts auf Daten\u00fcbertragbarkeit kann sich die betroffene Person jederzeit an unseren Datenschutzbeauftragten oder einen anderen Mitarbeiter wenden.<\/p><p><strong>5.7.<\/strong>\u00a0 <strong>Recht auf Widerspruch\u00a0\u00a0\u00a0 <\/strong><\/p><p>Jede von der Verarbeitung personenbezogener Daten betroffene Person hat das vom Europ\u00e4ischen Richtlinien- und Verordnungsgeber gew\u00e4hrte Recht, aus Gr\u00fcnden, die sich aus ihrer besonderen Situation ergeben, jederzeit gegen die Verarbeitung sie betreffender personenbezogener Daten, die aufgrund von Art. 6 Abs. 1 Buchstabe e oder f DS-GVO erfolgt, Widerspruch einzulegen. Dies gilt auch f\u00fcr ein auf diese Bestimmungen gest\u00fctztes Profiling.<\/p><p>Wir verarbeiten die personenbezogenen Daten im Falle des Widerspruchs nicht mehr, es sei denn, wir k\u00f6nnen zwingend schutzw\u00fcrdige Gr\u00fcnde f\u00fcr die Verarbeitung nachweisen, die den Interessen, Rechten und Freiheiten der betroffenen Person \u00fcberwiegen, oder die Verarbeitung dient der Geltendmachung, Aus\u00fcbung oder Verteidigung von Rechtsanspr\u00fcchen.<\/p><p>Verarbeiten wir personenbezogene Daten, um Direktwerbung zu betreiben, so hat die betroffene Person das Recht, jederzeit Widerspruch gegen die Verarbeitung der personenbezogenen Daten zum Zwecke derartiger Werbung einzulegen. Dies gilt auch f\u00fcr das Profiling, soweit es mit solcher Direktwerbung in Verbindung steht. Widerspricht die betroffene Person gegen\u00fcber der Fitness World GmbH die personenbezogenen Daten nicht mehr f\u00fcr diese Zwecke verarbeiten.<\/p><p>Zur Aus\u00fcbung des Rechts auf Widerspruch kann sich die betroffene Person direkt an unserem im Kontakt genannten Datenschutzbeauftragten der Fitness World GmbH oder einem anderen\u00a0 zust\u00e4ndigen Mitarbeiter der Fitness World GmbH wenden. Der betroffenen Person steht es ferner frei, im Zusammenhang mit der Nutzung von Diensten der Informationsgesellschaft, ungeachtet der Richtlinie 2002\/58\/EG, ihr Widerspruchsrecht mittels automatisierter Verfahren auszu\u00fcben, bei denen technische Spezifikationen verwendet werden.<\/p><p><strong>6. Automatisierte Entscheidungen im Einzelfall einschlie\u00dflich Profiling<\/strong><\/p><p>Jede von der Verarbeitung personenbezogener Daten betroffene Person hat das vom Europ\u00e4ischen Richtlinien- und Verordnungsgeber gew\u00e4hrte Recht, nicht einer ausschlie\u00dflich auf einer automatisierten Verarbeitung -einschlie\u00dflich Profiling- beruhenden Entscheidung unterworfen zu werden, die ihr gegen\u00fcber rechtliche Wirkung entfaltet oder sie in \u00e4hnlicher Weise erheblich beeintr\u00e4chtigt, sofern die Entscheidung (1) nicht f\u00fcr den Abschluss oder die Erf\u00fcllung eines Vertrags zwischen der betroffenen Person und dem Verantwortlichen erforderlich ist, oder (2) aufgrund von Rechtsvorschriften der Union oder der Mitgliedsstaaten, denen der Verantwortliche unterliegt, zul\u00e4ssig ist und diese Rechtsvorschriften angemessene Ma\u00dfnahmen zur Wahrung der Rechte und Freiheiten sowie der berechtigten Interessen der betroffenen Person enthalten oder (3) mit ausdr\u00fccklicher Einwilligung der betroffenen Person erfolgt.<\/p><p>Ist die Entscheidung (1) f\u00fcr den Abschluss oder die Erf\u00fcllung eines Vertrages zwischen derartigen betroffenen Person und dem Verantwortlichen erforderlich oder (2) erfolgt sie mit ausdr\u00fccklicher Einwilligung der betroffenen Person sowie die berechtigten Interessen der betroffenen Person zu wahren, wozu mindestens das Recht auf Einwirkung des Eingreifens einer Person seitens des verantwortlichen, auf Darlegung des eigenen Standpunkts und auf Anfechtung der Entscheidung geh\u00f6rt.<\/p><p>M\u00f6chte die betreffende Person Rechte mit Bezug auf automatisierte Entscheidungen geltend machen, kann sie sich hierzu jederzeit an einen Mitarbeiter des f\u00fcr die Verarbeitung Verantwortlichen wenden.<\/p><p><strong>7. Recht auf Widerruf einer datenschutzrechtlichen Einwilligung<\/strong><\/p><p>Jede von der Verarbeitung personenbezogener Daten betroffene Person hat das vom Europ\u00e4ischen Richtlinien- und Verordnungsgeber gew\u00e4hrte Recht, eine Einwilligung zur Verarbeitung personenbezogener Daten jederzeit zu widerrufen.<\/p><p>M\u00f6chte die betroffene Person ihr Recht und Widerruf einer Einwilligung geltend machen, kann sie sich hierzu jederzeit an einen Mitarbeiter des f\u00fcr die Verarbeitung Verantwortlichen wenden.<\/p><p><strong>8. Datenschutz bei Bewerbungen und im Bewerbungsverfahren<\/strong><\/p><p>Der Verantwortliche erhebt und verarbeitet die personenbezogenen Daten von Bewerbern zum Zwecke der Abwicklung des Bewerberverfahrens. Die Verarbeitung kann auch auf elektronischem Wege erfolgen.<\/p><p>Das ist insbesondere dann der Fall, wenn ein Bewerber entsprechende Bewerbungsunterlagen auf elektronischem Weg , beispielsweise per Mail oder auf der Webseite befindliches Webformular, an den Verantwortlichen \u00fcbermittelt.<\/p><p>Schlie\u00dft der Verantwortliche einen Anstellungsvertrag des Besch\u00e4ftigungsverh\u00e4ltnisses unter Beachtung der gesetzlichen Vorschriften gespeichert. Wird von dem Verantwortlichen kein Anstellungsvertrag mit dem Bewerbern geschlossen, so werden die Bewerbungsunterlagen zwei Monate nach Bekanntgabe der Absageentscheidung automatisch gel\u00f6scht, sofern einer L\u00f6schung keine sonstigen berechtigten Interessen des f\u00fcr die Verarbeitung des f\u00fcr die Verarbeitung Verantwortlichen entgegenstehen, Sonstiges berechtigtes\u00a0 Interesse in diesem Sinne ist beispielsweise eine Beweispflicht in einem Verfahren nach dem Allgemeinen Gleichbehandlungsgesetz (AGG).<\/p><p><strong>9. Rechtsgrundlage der Verarbeitung<\/strong><\/p><p>Der Art, 6 Abs, 1 a DSGVO dient der Fitness World GmbH als Rechtsgrundlage f\u00fcr Verarbeitungsvorg\u00e4nge, bei denen wir eine Einwilligung f\u00fcr einen bestimmten Verarbeitungszweck einholen. Ist die Verarbeitung personenbezogener Daten zur Erf\u00fcllung eines Vertrags, dessen Vertragspartei der Betroffene ist, erforderlich, wie dies z.B. bei Verarbeitungsvorg\u00e4ngen der Fall ist, die f\u00fcr eine Lieferung von Waren oder die Erbringung einer sonstigen Leistung oder Gegenleistung notwendig sind, so beruht die Verarbeitung auf Art, 6 Abs, 1 b DSGVO. Gleiches gilt f\u00fcr solche Verarbeitungsvorg\u00e4nge die zur Durchf\u00fchrung vertraglicher Ma\u00dfnahmen erforderlich sind, etwa in F\u00e4llen von Anfragen zu unser durch welche eine Verarbeitung von personenbezogenen Daten erforderlich wird, wie beispielsweise zur Erf\u00fcllung steuerlicher Pflichten, so basiert die Verarbeitung auf Art. 6 Abs. 1 c DSGVO. In seltenen F\u00e4llen k\u00f6nnte die Verarbeitung von personenbezogener Daten erforderlich werden, um lebenswichtige Interessen der Betroffenen oder einer anderen nat\u00fcrlichen Person zu sch\u00fctzen. Dies w\u00e4re beispielsweise der Fall; wenn ein Besucher in unserem Betrieb verletzt werden w\u00fcrde und daraufhin sein Name, sein Alter, seine Krankenkassendaten oder sonstige schutzrelevante Informationen an einen Arzt, ein Krankenhaus oder sonstige Dritte\u00a0 weitergegeben werden m\u00fcssten. Dann w\u00fcrde die Verarbeitung auf Art. 6 Abs. 1 d DSGVO beruhen. Letztlich k\u00f6nnten Verarbeitungsvorg\u00e4nge auf Art. 6 Abs. 1 f DSGVO beruhen.<\/p><p>Auf dieser Rechtsgrundlage basieren Verarbeitungsvorg\u00e4nge, die von keinen der vorgenannten Rechtsgrundlagen erfasst werden, wenn die Verarbeitung zur Wahrung eines berechtigten Interesses unseres Unternehmens oder eines Dritten erforderlich ist, sofern die Interessen, Grundrechte und Grundfreiheiten des Betroffenen nicht \u00fcberwiegen. Solche Verarbeitungsvorg\u00e4nge sind uns insbesondere deshalb gestattet, weil sie durch den Gesetzgeber besonders erw\u00e4hnt wurden (Erw\u00e4gungsgrund 47 Satz 2 DSGVO)<\/p><p>Wir schlie\u00dfen mit allen Vertragspartnern einen Auftragsdatenverarbeitungsvertrag ab.<\/p><p><strong>10. Berechtigte Interessen an der Verarbeitung, die von dem Verantwortlichen oder einem Dritten verfolgt werden<\/strong><\/p><p>Basiert die Verarbeitung personenbezogener Daten aus Artikel 6 Abs. 1 f DSGVO ist unser berechtigtes Interesse die Durchf\u00fchrung unserer Gesch\u00e4ftst\u00e4tigkeit zugunsten des Wohlergehens all unserer Mitarbeiter und Anteilseigner.<\/p><p><strong>11. Dauer f\u00fcr die die personenbezogenen Daten gespeichert werden<\/strong><\/p><p>Das Kriterium f\u00fcr die Dauer der Speicherung von personenbezogener Daten ist die jeweilige gesetzliche Aufbewahrungsfrist. Nach Ablauf der Frist werden die entsprechenden Daten routinem\u00e4\u00dfig gel\u00f6scht, sofern sie nicht mehr zur Vertragserf\u00fcllung oder Vertragsanbahnung erforderlich sind.<\/p><p><strong>12. Gesetzliche oder vertragliche Vorschriften zur Bereitstellung der personenbezogenen Daten<\/strong><\/p><p>Wir kl\u00e4ren Sie dar\u00fcber auf, dass die Bereitstellung personenbezogener Daten zum Teil gesetzlich vorgeschrieben ist (z. B. Steuervorschriften ) oder auch ausvertraglichen Regelungen (z. B.Angaben zum Vertragspartner) ergeben kann. Mitunter kann es zu einem Vertragsschluss erforderlich sein, dass ein Betroffener uns personenbezogene Daten zur Verf\u00fcgung stellt, die in der Folge durch uns verarbeitet werden m\u00fcssen. Zum Abschluss eines Vertrags ist der Betroffene verpflichtet uns personenbezogene Daten bereitzustellen. Falls der Betroffene seine personenbezogenen Daten nicht bereitstellt, kann kein Vertrag mit dem Betroffenen geschlossen werden. Vor einer Bereitstellung der personenbezogenen Daten durch den Betroffenen kann sich der Betroffene an unseren Datenschutzbeauftragten wenden.<\/p><p>Unser Datenschutzbeauftragter kl\u00e4rt den Betroffenen einzelfallbezogen auf ob die Bereitstellung der personenbezogenen Daten gesetzlich oder vertraglich vorgeschrieben oder f\u00fcr den Vertragsabschluss erforderlich ist, ob eine Verpflichtung besteht, die personenbezogenen Daten bereitzustellen und welche Folgen die Nichtbereitstellung der personenbezogenen Daten h\u00e4tte.<\/p><p><strong>13. Bestehen einer automatisierten Entscheidungsfindung<\/strong><\/p><p>Unser Unternehmen verzichtet auf automatische Entscheidungsfindung oder Profiling.<\/p><p><strong>14. Datenschutzbestimmungen zu Einsatz und Verwendung von Facebook Plugins<\/strong><\/p><p>Der f\u00fcr die Verarbeitung Verantwortliche hat auf dieser Internetseite Komponenten des Unternehmens Facebook integriert. Facebook ist ein soziales Netzwerk.<\/p><p>Ein soziales Netzwerk ist ein im Internet betriebener sozialer Treffpunkt, eine Online-Gemeinschaft, die es den Nutzern in der Regel erm\u00f6glicht, untereinander zu kommunizieren und im virtuellen Raum zu interagieren. Ein soziales Netzwerk kann als Plattform zum Austausch von Meinungen und Erfahrungen dienen oder erm\u00f6glicht es der Internetgemeinschaft, pers\u00f6nliche oder unternehmensbezogene Informationen bereitzustellen. Facebook erm\u00f6glicht den Nutzern des sozialen Netzwerkes unter anderem die Erstellung von privaten Profilen, den Upload von Fotos und eine Vernetzung \u00fcber Freundschaftsanfragen.<\/p><p>Betreibergesellschaft von Facebook ist die Facebook, Inc., 1601 S. California Ave,Palo Alto,CA 94304, USA (\u201eFacebook\u201c) betrieben wird.<\/p><p>Die Plugins sind mit einem Facebook-Logo oder dem Zusatz\u201cSoziales Plug-in von Facebook bzw. \u201eFacebook Social Plugin\u201c gekennzeichnet. Eine \u00dcbersicht \u00fcber die Facebook Plugins und derer Aussehen finden Sie hier: http\/\/developers.facebook.com\/plugins<\/p><p>Wenn Sie eine Seite unseres Werbeauftritts aufrufen die ein solches Plugin enth\u00e4lt, stellt Ihr Browser eine direkte Verbindung zu den Servern von Facebook her. Der Inhalt der Plugins wird von Facebook direkt an Ihren Browser \u00fcbermittelt und in die Seite eingebunden. Durch diese Einbindung erh\u00e4lt Facebook die Information, dass Ihr Browser die entsprechende Seite unseres Werbeauftrittes aufgerufen hat, auch wenn Sie kein Facebook-Profil besitzen oder gerade nicht bei Facebook eingeloggt sind. Diese Information 8einschlie\u00dflich Ihrer IP-Adresse)wird von Ihrem Browser direkt an einen Server von Facebook in die USA \u00fcbermittelt und dort gespeichert.<\/p><p>Sind Sie bei Facebook eingeloggt, kann Facebook den Besuch unserer Webseite Ihrem Facebook-Profil unmittelbar zuordnen. Wenn Sie mit den Plugins interagieren, z.B. den Gef\u00e4llt mir- Button bet\u00e4tigen oder einen Kommentar abgeben, wird diese Information ebenfalls direkt an einen Server von Facebook \u00fcbermittelt und dort gespeichert. Die Informationen werden au\u00dferdem auf Ihrem Facebook-Profil ver\u00f6ffentlicht und Ihren Facebookfreunden gezeigt.<\/p><p>Zweck und Umfang der Datenerhebung und die weitere Verarbeitung und Nutzung der Daten durch Facebook sowie Ihre diesbez\u00fcglichen Rechte und Einstellungsm\u00f6glichkeiten zum Schutz Ihrer Privatsph\u00e4re entnehmen Sie bitte den Datenschutzhinweisen von Facebook: http\/\/www.facebook.com\/pollicy.php<\/p><p>Wenn Sie nicht m\u00f6chten, dass Facebook die \u00fcber unseren Werbeauftritt gesammelten Daten unmittelbar Ihrem Facebook-Profil zuordnet, m\u00fcssen Sie sich vor Ihrem Besuch unserer Webseite bei\u00a0 Facebook ausloggen. Sie k\u00f6nnen das Laden der Facebook Plugins auch mit Add-Ons f\u00fcr Ihren Browser komplett verhindern, z. B. mit dem \u201eFacebook Blocker \u201e (<span style=\"color: #abc502;\"><a style=\"color: #abc502;\" href=\"http:\/\/webgraph.com\/resources\/facebookblocker\/\">http:\/\/webgraph.com\/resources\/facebookblocker\/<\/a><\/span>) oder dem Skript-Blocker \u201eNoScript\u201c (http:\/\/noscript.net\/).<\/p><p><strong>15. Google Maps<\/strong><\/p><p>Diese Seite nutzt Funktionen des Kartendienstes Google Maps. Anbieter ist Google LLC,1600 Amphitheatre Parkway. Mountain View, CA 94043, USA, E-Mail support <span style=\"color: #abc502;\"><a style=\"color: #abc502;\" href=\"mailto:de@google.com\">de@google.com<\/a><\/span>. Zur Nutzung der Funktionen von Google Maps ist es notwendig ihre IP Adresse zu speichern. Diese Informationen werden in der Regel an einen Server von Google in den USA \u00fcbertragen und dort gespeichert. Der Anbieter dieser Seite hat seinen Einfluss auf diese Daten\u00fcbertragung.<\/p><p>Die Nutzung von Google Maps erfolgt im Interesse einer ansprechenden Darstellung unserer Online-Angebote und an einer leichten Auffindbarkeit der von uns auf der Website angegebenen Orte. Dies stellt ein berechtigtes Interesse im Sinne von Art. 6 Abs. 1 lit.f DSGVO dar.<\/p><p>Mehr Informationen zum Umgang mit Nutzerdaten finden Sie in der Datenschutzerkl\u00e4rung von Google : https:\/\/www.google.de\/inti\/de\/policies\/privary.<\/p><p><strong>16. E-Mail<\/strong><\/p><p>Wenn Sie mit uns per Email Kontakt aufnehmen oder um Kontaktaufnahme oder Zusendung von Informationen auf diesem Weg bitten beachten Sie, dass bei der Kommunikation \u00fcber E-Mail nicht auszuschlie\u00dfen ist, dass Dritte unbefugt Kenntnis von den versandten Informationen nehmen. Soweit Sie per Mail mit uns Kontakt aufnehmen, nehmen wir an, dass Ihnen diese Risiken bekannt und Sie dennoch damit einverstanden sind, dass wir Ihnen per E-Mail antworten. Anderenfalls bitten wir Sie, uns einen anderen Kommunikationsweg zu benennen.<\/p><p><strong>17. Datenschutzbestimmungen zu Einsatz und Verwendung von Google+<\/strong><\/p><p>Der f\u00fcr die Verarbeitung Verantwortliche hat auf dieser Internetseite als Komponente die Google+ Schaltfl\u00e4che integriert. Google+ ist ein sogenanntes soziales Netzwerk. Ein soziales Netzwerk ist ein im Internet betriebener sozialer Treffpunkt, eine Online-Gemeinschaft, die es den Nutzern in der Regel erm\u00f6glicht, untereinander zu kommunizieren und im virtuellen Raum zu interagieren. Ein soziales Netzwerk kann als Plattform zum Austausch von Meinungen und Erfahrungen dienen oder erm\u00f6glicht es der Internetgemeinschaft, pers\u00f6nliche oder unternehmensbezogene Informationen bereitzustellen. Google+ erm\u00f6glicht den Nutzern des sozialen Netzwerkes unter anderem die Erstellung von privaten Profilen, den Upload von Fotos und eine Vernetzung \u00fcber Freundschaftsanfragen.<\/p><p>Betreibergesellschaft von Google+ ist die Google Inc., 1600 Amphitheatre Pkwy, Mountain View, CA 9404 \u2013 1351, USA.<\/p><p>Durch jeden Aufruf einer der Einzelseiten dieser Internetseite, die durch den f\u00fcr die Verarbeitung Verantwortlichen betrieben wird und auf welcher eine Google+\u00a0 Schaltfl\u00e4che integriert wurde, wird der Internetbrowser auf dem informationstechnologischen System der betroffenen Person automatisch durch die jeweilige Google+ Schaltfl\u00e4che von Google herunterzuladen. Im Rahmen dieses technischen Verfahrens erh\u00e4lt Google Kenntnis dar\u00fcber, welche konkrete Unterseite unserer Internetseite durch die betroffene Person besucht wird. Genauere Informationen zu Google+ sind unter <span style=\"color: #abc502;\"><a style=\"color: #abc502;\" href=\"https:\/\/developers.google.com\/+\/\">https:\/\/developers.google.com\/+\/<\/a> <\/span>abrufbar.<\/p><p>Sofern die betroffene Person gleichzeitig bei Google+ eingeloggt ist, erkennt Google mit jedem Aufruf unserer Internetseite durch die betroffene Person und w\u00e4hrend der gesamten Dauer des jeweiligen Aufenthaltes auf unserer Internetseite, welche konkrete Unterseite unserer Internetseite die betroffene Person besucht. Diese Informationen werden durch die Google+Schaltfl\u00e4che gesammelt und durch Google dem jeweiligen Google+-Account der betroffenen Person zugeordnet.<\/p><p>Bet\u00e4tigt die betroffene Person einen der auf unserer Internetseite integrierten Google+-Buttons und gibt damit eine Google+1 Empfehlung ab, ordnet Google diese Information dem pers\u00f6nlichen Google+-Benutzerkonto der betroffenen Person zu und speichert diese personenbezogenen Daten. Google speichert die Google+1 \u2013 Empfehlung der betroffenen Person zu und speichert diese personenbezogenen Daten. Google speichert die Google+1 \u2013 Empfehlung der betroffenen Person und macht diese in \u00dcbereinstimmung mit den von der betroffenen Person diesbez\u00fcglich akzeptierten Bedingungen \u00f6ffentlich zug\u00e4nglich. Eine von der betroffenen Person auf dieser Internetseite abgegebene Google+1 \u2013 Empfehlung wird in der Folge zusammen mit anderen personenbezogenen Daten, wie dem Namen des von der betroffenen Person genutzten Google+1 \u2013 Accounts und dem in diesem hinterlegten Foto in anderen Google-Diensten, beispielsweise den Suchmaschinenergebnissen der Google-Suchmaschine, dem Google-Konto der betroffenen\u00a0 Person oder an sonstigen Stellen, beispielsweise auf Internetseiten oder im Zusammenhang mit Werbeanzeigen, gespeichert und verarbeitet.<\/p><p>Ferner ist Google in der Lage, den Besuch auf dieser Internetseite mit anderen bei Google gespeicherten personenbezogenen Daten zu verkn\u00fcpfen. Google zeichnet diese personenbezogenen Informationen ferner mit dem Zweck auf, die unterschiedlichen Dienste von Google zu verbessern oder zu optimieren.<\/p><p>Google erh\u00e4lt \u00fcber die Google+Schaltfl\u00e4che immer dann eine Information dar\u00fcber, dass die betroffene Person unsere Internetseite besucht hat, wenn die betroffene Person zum Zeitpunkt des Aufrufs unserer Internetseite gleichzeitig bei Google+ eingeloggt ist; dies findet unabh\u00e4ngig davon statt, ob die betroffene Person die Google+ Schaltfl\u00e4che anklickt oder nicht.<\/p><p>Ist eine \u00dcbermittlung personenbezogener Daten an Google von der betroffenen Person nicht gewollt, kann diese eine solche \u00dcbermittlung dadurch verhindern, dass sie sich vor einem Aufruf unserer Internetseite aus ihrem Google+-Account ausloggt.<\/p><p>Weitere Informationen und die geltenden Datenschutzbestimmungen von Google k\u00f6nnen unter <span style=\"color: #abc502;\"><a style=\"color: #abc502;\" href=\"https:\/\/www.google.de\/intl\/de\/policies\/privacy\/\">https:\/\/www.google.de\/intl\/de\/policies\/privacy\/<\/a> <\/span>abgerufen werden. Weitere Hinweise von Google zur Google+1 \u2013 Schaltfl\u00e4che k\u00f6nnen unter <span style=\"color: #abc502;\"><a style=\"color: #abc502;\" href=\"https:\/\/developers.google.com\/+\/web\/buttons-policy\">https:\/\/developers.google.com\/+\/web\/buttons-policy<\/a><\/span> abgerufen werden.<\/p><p>Dieser Datenschutz wurde zuletzt aktualisiert am\u00a0 20. Mai 2018<\/p>\t\t\t\t\t\t<\/div>\n\t\t\t\t<\/div>\n\t\t\t\t<div class=\"elementor-element elementor-element-4ccd5075 elementor-widget elementor-widget-spacer\" data-id=\"4ccd5075\" data-element_type=\"widget\" data-widget_type=\"spacer.default\">\n\t\t\t\t<div class=\"elementor-widget-container\">\n\t\t\t\t\t<div class=\"elementor-spacer\">\n\t\t\t<div class=\"elementor-spacer-inner\"><\/div>\n\t\t<\/div>\n\t\t\t\t<\/div>\n\t\t\t\t<\/div>\n\t\t\t\t\t<\/div>\n\t\t<\/div>\n\t\t\t\t<div class=\"elementor-column elementor-col-33 elementor-top-column elementor-element elementor-element-1092c1a3\" data-id=\"1092c1a3\" data-element_type=\"column\" data-settings=\"{&quot;background_background&quot;:&quot;classic&quot;}\">\n\t\t\t<div class=\"elementor-widget-wrap\">\n\t\t\t\t\t\t\t\t\t<\/div>\n\t\t<\/div>\n\t\t\t\t\t\t\t<\/div>\n\t\t<\/section>\n\t\t\t\t\t\t\t<\/div>\n\t\t","protected":false},"excerpt":{"rendered":"<p>Datenschutz Datenschutzerkl\u00e4rung Vielen Dank f\u00fcr Ihr Interesse an unserer Webseite. Der Schutz Ihrer Privatsph\u00e4re ist f\u00fcr uns sehr wichtig. Wir behandeln Ihre personenbezogenen Daten vertraulich und entsprechend der\u00a0 gesetzlichen Datenschutzerkl\u00e4rung.Datenschutz hat einen besonderen hohen Stellenwert f\u00fcr die Gesch\u00e4ftsleitung der Fitness-World GmbH. Eine Nutzung unserer Internetseiten ist grunds\u00e4tzlichen ohne jede Angabe personenbezogener Daten m\u00f6glich. Sofern eine [&hellip;]<\/p>\n","protected":false},"author":2,"featured_media":0,"parent":0,"menu_order":0,"comment_status":"closed","ping_status":"closed","template":"","meta":{"footnotes":""},"class_list":["post-1022","page","type-page","status-publish","hentry","entry","owp-thumbs-layout-horizontal","owp-btn-normal","owp-tabs-layout-horizontal","has-no-thumbnails","has-product-nav"],"aioseo_notices":[],"_links":{"self":[{"href":"https:\/\/fitness-world.info\/index.php?rest_route=\/wp\/v2\/pages\/1022","targetHints":{"allow":["GET"]}}],"collection":[{"href":"https:\/\/fitness-world.info\/index.php?rest_route=\/wp\/v2\/pages"}],"about":[{"href":"https:\/\/fitness-world.info\/index.php?rest_route=\/wp\/v2\/types\/page"}],"author":[{"embeddable":true,"href":"https:\/\/fitness-world.info\/index.php?rest_route=\/wp\/v2\/users\/2"}],"replies":[{"embeddable":true,"href":"https:\/\/fitness-world.info\/index.php?rest_route=%2Fwp%2Fv2%2Fcomments&post=1022"}],"version-history":[{"count":10,"href":"https:\/\/fitness-world.info\/index.php?rest_route=\/wp\/v2\/pages\/1022\/revisions"}],"predecessor-version":[{"id":1441,"href":"https:\/\/fitness-world.info\/index.php?rest_route=\/wp\/v2\/pages\/1022\/revisions\/1441"}],"wp:attachment":[{"href":"https:\/\/fitness-world.info\/index.php?rest_route=%2Fwp%2Fv2%2Fmedia&parent=1022"}],"curies":[{"name":"wp","href":"https:\/\/api.w.org\/{rel}","templated":true}]}}